{"id":1040,"date":"2022-03-08T19:55:10","date_gmt":"2022-03-08T18:55:10","guid":{"rendered":"https:\/\/dynamixia.fr\/?page_id=1040"},"modified":"2023-03-06T11:42:24","modified_gmt":"2023-03-06T10:42:24","slug":"juste-apres-centre-de-liberation-emotionnelle","status":"publish","type":"page","link":"https:\/\/dynamixia.fr\/index.php\/juste-apres-centre-de-liberation-emotionnelle\/","title":{"rendered":"Juste Apr\u00e8s\u00a9\ufe0f &#8211; Centre de Lib\u00e9ration \u00e9motionnelle"},"content":{"rendered":"\n<div class=\"wp-block-buttons is-content-justification-center is-layout-flex wp-container-core-buttons-is-layout-16018d1d wp-block-buttons-is-layout-flex\"><\/div>\n\n\n\n<figure class=\"wp-block-image alignfull\"><img loading=\"lazy\" decoding=\"async\" width=\"1640\" height=\"924\" src=\"https:\/\/dynamixia.fr\/wp-content\/uploads\/2022\/03\/juste-apres-Logo-Affiche-format-paysage-Couverture-Facebook.png\" alt=\"\" class=\"wp-image-1041\" srcset=\"https:\/\/dynamixia.fr\/wp-content\/uploads\/2022\/03\/juste-apres-Logo-Affiche-format-paysage-Couverture-Facebook.png 1640w, https:\/\/dynamixia.fr\/wp-content\/uploads\/2022\/03\/juste-apres-Logo-Affiche-format-paysage-Couverture-Facebook-300x169.png 300w, https:\/\/dynamixia.fr\/wp-content\/uploads\/2022\/03\/juste-apres-Logo-Affiche-format-paysage-Couverture-Facebook-1024x577.png 1024w, https:\/\/dynamixia.fr\/wp-content\/uploads\/2022\/03\/juste-apres-Logo-Affiche-format-paysage-Couverture-Facebook-768x433.png 768w, https:\/\/dynamixia.fr\/wp-content\/uploads\/2022\/03\/juste-apres-Logo-Affiche-format-paysage-Couverture-Facebook-1536x865.png 1536w, https:\/\/dynamixia.fr\/wp-content\/uploads\/2022\/03\/juste-apres-Logo-Affiche-format-paysage-Couverture-Facebook-50x28.png 50w, https:\/\/dynamixia.fr\/wp-content\/uploads\/2022\/03\/juste-apres-Logo-Affiche-format-paysage-Couverture-Facebook-1160x654.png 1160w\" sizes=\"auto, (max-width: 1640px) 100vw, 1640px\" \/><\/figure>\n\n\n\n<h3 class=\"wp-block-heading\">VOUS \u00caTES LES BIENVENU.ES DANS CET ESPACE DEDI\u00e9 A LA CREATIVITE THERAPEUTIQUE<\/h3>\n\n\n\n<p>\u00ab\u00a0Juste Apr\u00e8s\u00a0\u00bb est un espace enti\u00e8rement d\u00e9di\u00e9 \u00e0 la lib\u00e9ration \u00e9motionnelle, au travers d&rsquo;ateliers cr\u00e9atifs de 2h, soigneusement encadr\u00e9s par une psychologue et une artiste certifi\u00e9e en art-th\u00e9rapie, Lucie et Ad\u00e9la\u00efde.<\/p>\n\n\n\n<p>Ces ateliers uniques sont con\u00e7us pour tous ceux et toutes celles qui souhaitent :<\/p>\n\n\n\n<ul class=\"wp-block-list\">\n<li>Se connecter avec ses v\u00e9ritables \u00e9motions,<\/li>\n\n\n\n<li>Se (re)-construire,<\/li>\n\n\n\n<li>Retrouver leur pouvoir cr\u00e9ateur,<\/li>\n\n\n\n<li>(Re) donner du sens \u00e0 leur vie,<\/li>\n\n\n\n<li>Se sentir libre d&rsquo;\u00eatre, libre d&rsquo;exister,<\/li>\n\n\n\n<li>Ou tout simplement vivre un moment unique de d\u00e9tente \u00e0 la rencontre de nouvelles personnes.<\/li>\n<\/ul>\n\n\n\n<p>Nous vous proposons au travers des ateliers, d&rsquo;all\u00e9ger le poids des choses, de l\u00e2cher prise, de vous r\u00e9concilier avec vos souvenirs et surtout de vous reconnecter avec votre enfant int\u00e9rieur, celui l\u00e0-m\u00eame qui va cr\u00e9er sans juger, oser sans y penser, prendre des risques sans s&rsquo;inqui\u00e9ter.<\/p>\n\n\n\n<p><b>Tout est fourni. Votre&nbsp;mat\u00e9riel \u00e9motionnel sera la base de nos ateliers, de vos ateliers.<\/b><\/p>\n\n\n\n<p>Quelque soit votre exp\u00e9rience de vie, vous \u00eates et serez toujours les bienvenu(e)s.<\/p>\n\n\n\n<h3 class=\"wp-block-heading\">L&rsquo;art th\u00e9rapie, l&rsquo;art coaching ou la cr\u00e9ativit\u00e9 th\u00e9rapeutique &#8230; Qu&rsquo;est-ce que c&rsquo;est ?<\/h3>\n\n\n\n<p><em>Ars, <\/em>en latin signifie \u00ab\u00a0composer avec\u00a0\u00bb. L&rsquo;art th\u00e9rapie permet de composer, au sens propre comme au sens figur\u00e9, avec soi et avec son histoire, avec ce que l&rsquo;on est dedans et ce que l&rsquo;on rencontre au-dehors. Il vous transporte dans un lieu improbable, inconnu de lui. L&rsquo;expression artistique, la relation \u00e0 l&rsquo;autre et le cadre constitue un nouveau lieu de possibles et pour vous permettre de penser diff\u00e9remment.<\/p>\n\n\n\n<h3 class=\"wp-block-heading\">Qui peut profiter d&rsquo;une d\u00e9marche en art th\u00e9rapie ?<\/h3>\n\n\n\n<hr class=\"wp-block-separator has-css-opacity is-style-default\"\/>\n\n\n\n<blockquote class=\"wp-block-quote has-text-align-center is-style-large is-layout-flow wp-block-quote-is-layout-flow\">\n<p>\u00ab&nbsp;En tant qu&rsquo;\u00eatre humain notre grandeur ne r\u00e9side pas tant dans notre capacit\u00e9 \u00e0 refaire le monde que dans notre capacit\u00e9 \u00e0 nous refaire nous-m\u00eame. \u00bb<\/p>\n<cite>\u2014 <em>Mahatma  Ghandi<\/em><\/cite><\/blockquote>\n\n\n\n<hr class=\"wp-block-separator has-css-opacity is-style-default\"\/>\n\n\n\n<p>Toute personne souhaitant s&rsquo;aventurer de mani\u00e8re cr\u00e9ative dans un cheminement th\u00e9rapeutique peut profiter d&rsquo;une d\u00e9marche en art th\u00e9rapie.<\/p>\n\n\n\n<p>Il n&rsquo;est nullement n\u00e9cessaire d&rsquo;avoir du talent en art, ni m\u00eame de se consid\u00e9rer comme un \u00eatre cr\u00e9atif ! Le fait de lib\u00e9rer en soi le processus cr\u00e9atif pourrait conduire \u00e0 une profonde transformation int\u00e9rieure.<\/p>\n\n\n\n<p>L&rsquo;exploration de soi au moyen de couleurs, de gestes, de formes, et de m\u00e9diums artistiques (qui sont les mati\u00e8res diverses utilis\u00e9es pour la cr\u00e9ation en deux ou trois dimensions : dessin, peinture, modelage et sculpture) ne se fait pas n\u00e9cessairement en vue d&rsquo;une certain esth\u00e9tisme, mais plut\u00f4t dans une recherche d&rsquo;expression de soi et de r\u00e9solution de ses difficult\u00e9s.<\/p>\n\n\n\n<blockquote class=\"wp-block-quote has-text-align-center is-layout-flow wp-block-quote-is-layout-flow\">\n<p>\u00ab\u00a0L&rsquo;art, c&rsquo;est le plus court chemin de l&rsquo;homme \u00e0 l&rsquo;homme.<\/p>\n<cite>Andr\u00e9 Malraux<\/cite><\/blockquote>\n\n\n\n<p>Voici, par exemple, quelques raisons types de participer un des ateliers d&rsquo;art th\u00e9rapie :<\/p>\n\n\n\n<ul class=\"wp-block-list\">\n<li>l&rsquo;am\u00e9lioration des relations de soi avec les autres, de soi avec soi,<\/li>\n\n\n\n<li>la s\u00e9paration,<\/li>\n\n\n\n<li>le divorce,<\/li>\n\n\n\n<li>le deuil,<\/li>\n\n\n\n<li>la maladie,<\/li>\n\n\n\n<li>l&rsquo;angoisse, l&rsquo;anxi\u00e9t\u00e9, le stress,<\/li>\n\n\n\n<li>Etc.<\/li>\n<\/ul>\n\n\n\n<p>L&rsquo;art, et la cr\u00e9ativit\u00e9 d&rsquo;une mani\u00e8re g\u00e9n\u00e9rale, est un moyen d&rsquo;expression \u00e0 la port\u00e9e de toutes les personnes qui s&rsquo;y int\u00e9ressent.<\/p>\n\n\n\n<p>Nous avons choisi de cr\u00e9er des ateliers en groupe restreint (six personnes maximum) afin de garder le caract\u00e8re intime et profond du processus cr\u00e9atif, tout en b\u00e9n\u00e9ficiant de la force et de la synergie du collectif, au travers du partage d&rsquo;exp\u00e9riences qui prend un tout nouveau sens.<\/p>\n\n\n\n<p>D\u00e9couvrez le plaisir de faire rena\u00eetre \u00e0 vous-m\u00eame, de d\u00e9velopper votre potentiel cr\u00e9atif et retrouvez-vous dans la cr\u00e9ativit\u00e9 !<\/p>\n\n\n\n<p><\/p>\n\n\n\n<p><\/p>\n\n\n\n<h2 class=\"has-text-align-center wp-block-heading\">Tarifs <\/h2>\n\n\n\n<h4 class=\"has-text-align-center wp-block-heading\"><strong>ATELIER PONCTUEL <\/strong><\/h4>\n\n\n\n<h4 class=\"has-text-align-center wp-block-heading\"> 60\u20ac<\/h4>\n\n\n\n<h4 class=\"has-text-align-center wp-block-heading\"><strong>FORFAIT 4 ATELIERS + ENTRETIEN D&rsquo;EVALUATION INITIALE 30 min. <\/strong><\/h4>\n\n\n\n<h4 class=\"has-text-align-center wp-block-heading\"> 190\u20ac (soit 47.5\u20ac l&rsquo;atelier de 2h)<\/h4>\n\n\n\n<div class=\"wp-block-buttons is-content-justification-center is-layout-flex wp-container-core-buttons-is-layout-16018d1d wp-block-buttons-is-layout-flex\"><\/div>\n\n\n\n<p class=\"has-text-align-center\">Restez connect\u00e9s pour les prochains ateliers !<\/p>\n\n\n\n<p><\/p>\n","protected":false},"excerpt":{"rendered":"<p>VOUS \u00caTES LES BIENVENU.ES DANS CET ESPACE DEDI\u00e9 A LA CREATIVITE THERAPEUTIQUE \u00ab\u00a0Juste Apr\u00e8s\u00a0\u00bb est un espace enti\u00e8rement d\u00e9di\u00e9 \u00e0 la lib\u00e9ration \u00e9motionnelle, au travers d&rsquo;ateliers cr\u00e9atifs de 2h, soigneusement encadr\u00e9s par une psychologue et une artiste certifi\u00e9e en art-th\u00e9rapie, Lucie et Ad\u00e9la\u00efde. Ces ateliers uniques sont con\u00e7us pour tous ceux et toutes celles qui souhaitent : Nous vous proposons au travers des ateliers, d&rsquo;all\u00e9ger le poids des choses, de l\u00e2cher prise, de vous r\u00e9concilier avec vos souvenirs et surtout de vous reconnecter avec votre enfant int\u00e9rieur, celui l\u00e0-m\u00eame qui va cr\u00e9er sans juger, oser sans y penser, prendre des risques sans s&rsquo;inqui\u00e9ter. Tout est fourni. Votre&nbsp;mat\u00e9riel \u00e9motionnel sera la base de nos ateliers, de vos ateliers. Quelque soit votre exp\u00e9rience de vie, vous \u00eates et serez toujours les bienvenu(e)s. L&rsquo;art th\u00e9rapie, l&rsquo;art coaching ou la cr\u00e9ativit\u00e9 th\u00e9rapeutique &#8230; Qu&rsquo;est-ce que c&rsquo;est ? Ars, en latin signifie \u00ab\u00a0composer avec\u00a0\u00bb. L&rsquo;art th\u00e9rapie permet de composer, au sens propre comme au sens figur\u00e9, avec soi et avec son histoire, avec ce que l&rsquo;on est dedans et ce que l&rsquo;on rencontre au-dehors. Il vous transporte dans un lieu improbable, inconnu de lui. L&rsquo;expression artistique, la relation \u00e0 l&rsquo;autre et le cadre constitue un nouveau lieu de possibles et pour vous permettre de penser diff\u00e9remment. Qui peut profiter d&rsquo;une d\u00e9marche en art th\u00e9rapie ? \u00ab&nbsp;En tant qu&rsquo;\u00eatre humain notre grandeur ne r\u00e9side pas tant dans notre capacit\u00e9 \u00e0 refaire le monde que dans notre capacit\u00e9 \u00e0 nous refaire nous-m\u00eame. \u00bb \u2014 Mahatma Ghandi Toute personne souhaitant s&rsquo;aventurer de mani\u00e8re cr\u00e9ative dans un cheminement th\u00e9rapeutique peut profiter d&rsquo;une d\u00e9marche en art th\u00e9rapie. Il n&rsquo;est nullement n\u00e9cessaire d&rsquo;avoir du talent en art, ni m\u00eame de se consid\u00e9rer comme un \u00eatre cr\u00e9atif ! Le fait de lib\u00e9rer en soi le processus cr\u00e9atif pourrait conduire \u00e0 une profonde transformation int\u00e9rieure. L&rsquo;exploration de soi au moyen de couleurs, de gestes, de formes, et de m\u00e9diums artistiques (qui sont les mati\u00e8res diverses utilis\u00e9es pour la cr\u00e9ation en deux ou trois dimensions : dessin, peinture, modelage et sculpture) ne se fait pas n\u00e9cessairement en vue d&rsquo;une certain esth\u00e9tisme, mais plut\u00f4t dans une recherche d&rsquo;expression de soi et de r\u00e9solution de ses difficult\u00e9s. \u00ab\u00a0L&rsquo;art, c&rsquo;est le plus court chemin de l&rsquo;homme \u00e0 l&rsquo;homme. Andr\u00e9 Malraux Voici, par exemple, quelques raisons types de participer un des ateliers d&rsquo;art th\u00e9rapie : L&rsquo;art, et la cr\u00e9ativit\u00e9 d&rsquo;une mani\u00e8re g\u00e9n\u00e9rale, est un moyen d&rsquo;expression \u00e0 la port\u00e9e de toutes les personnes qui s&rsquo;y int\u00e9ressent. Nous avons choisi de cr\u00e9er des ateliers en groupe restreint (six personnes maximum) afin de garder le caract\u00e8re intime et profond du processus cr\u00e9atif, tout en b\u00e9n\u00e9ficiant de la force et de la synergie du collectif, au travers du partage d&rsquo;exp\u00e9riences qui prend un tout nouveau sens. D\u00e9couvrez le plaisir de faire rena\u00eetre \u00e0 vous-m\u00eame, de d\u00e9velopper votre potentiel cr\u00e9atif et retrouvez-vous dans la cr\u00e9ativit\u00e9 ! Tarifs ATELIER PONCTUEL 60\u20ac FORFAIT 4 ATELIERS + ENTRETIEN D&rsquo;EVALUATION INITIALE 30 min. 190\u20ac (soit 47.5\u20ac l&rsquo;atelier de 2h) Restez connect\u00e9s pour les prochains ateliers !<\/p>\n","protected":false},"author":1,"featured_media":0,"parent":0,"menu_order":0,"comment_status":"closed","ping_status":"closed","template":"","meta":{"footnotes":""},"class_list":["post-1040","page","type-page","status-publish","hentry"],"yoast_head":"<!-- This site is optimized with the Yoast SEO plugin v27.2 - https:\/\/yoast.com\/product\/yoast-seo-wordpress\/ -->\n<title>Juste Apr\u00e8s\u00a9\ufe0f - Centre de Lib\u00e9ration \u00e9motionnelle - Lucie Ducap Psychologue<\/title>\n<meta name=\"description\" content=\"&quot;Juste Apr\u00e8s&quot; est un espace enti\u00e8rement d\u00e9di\u00e9 \u00e0 la lib\u00e9ration \u00e9motionnelle, au travers d&#039;ateliers cr\u00e9atifs de 2h, soigneusement encadr\u00e9s par une psychologue et une artiste certifi\u00e9e en art-th\u00e9rapie, Lucie et Ad\u00e9la\u00efde.\" \/>\n<meta name=\"robots\" content=\"index, follow, max-snippet:-1, max-image-preview:large, max-video-preview:-1\" \/>\n<link rel=\"canonical\" href=\"https:\/\/dynamixia.fr\/index.php\/juste-apres-centre-de-liberation-emotionnelle\/\" \/>\n<meta property=\"og:locale\" content=\"fr_FR\" \/>\n<meta property=\"og:type\" content=\"article\" \/>\n<meta property=\"og:title\" content=\"Juste Apr\u00e8s\u00a9\ufe0f - Centre de Lib\u00e9ration \u00e9motionnelle - Lucie Ducap Psychologue\" \/>\n<meta property=\"og:description\" content=\"&quot;Juste Apr\u00e8s&quot; est un espace enti\u00e8rement d\u00e9di\u00e9 \u00e0 la lib\u00e9ration \u00e9motionnelle, au travers d&#039;ateliers cr\u00e9atifs de 2h, soigneusement encadr\u00e9s par une psychologue et une artiste certifi\u00e9e en art-th\u00e9rapie, Lucie et Ad\u00e9la\u00efde.\" \/>\n<meta property=\"og:url\" content=\"https:\/\/dynamixia.fr\/index.php\/juste-apres-centre-de-liberation-emotionnelle\/\" \/>\n<meta property=\"og:site_name\" content=\"Lucie Ducap Psychologue\" \/>\n<meta property=\"article:publisher\" content=\"https:\/\/www.facebook.com\/monatelierpsy\/\" \/>\n<meta property=\"article:modified_time\" content=\"2023-03-06T10:42:24+00:00\" \/>\n<meta property=\"og:image\" content=\"https:\/\/dynamixia.fr\/wp-content\/uploads\/2022\/03\/juste-apres-Logo-Affiche-format-paysage-Couverture-Facebook.png\" \/>\n<meta name=\"twitter:card\" content=\"summary_large_image\" \/>\n<meta name=\"twitter:label1\" content=\"Dur\u00e9e de lecture estim\u00e9e\" \/>\n\t<meta name=\"twitter:data1\" content=\"4 minutes\" \/>\n<script type=\"application\/ld+json\" class=\"yoast-schema-graph\">{\"@context\":\"https:\/\/schema.org\",\"@graph\":[{\"@type\":\"WebPage\",\"@id\":\"https:\/\/dynamixia.fr\/index.php\/juste-apres-centre-de-liberation-emotionnelle\/\",\"url\":\"https:\/\/dynamixia.fr\/index.php\/juste-apres-centre-de-liberation-emotionnelle\/\",\"name\":\"Juste Apr\u00e8s\u00a9\ufe0f - Centre de Lib\u00e9ration \u00e9motionnelle - Lucie Ducap Psychologue\",\"isPartOf\":{\"@id\":\"https:\/\/dynamixia.fr\/#website\"},\"primaryImageOfPage\":{\"@id\":\"https:\/\/dynamixia.fr\/index.php\/juste-apres-centre-de-liberation-emotionnelle\/#primaryimage\"},\"image\":{\"@id\":\"https:\/\/dynamixia.fr\/index.php\/juste-apres-centre-de-liberation-emotionnelle\/#primaryimage\"},\"thumbnailUrl\":\"https:\/\/dynamixia.fr\/wp-content\/uploads\/2022\/03\/juste-apres-Logo-Affiche-format-paysage-Couverture-Facebook.png\",\"datePublished\":\"2022-03-08T18:55:10+00:00\",\"dateModified\":\"2023-03-06T10:42:24+00:00\",\"description\":\"\\\"Juste Apr\u00e8s\\\" est un espace enti\u00e8rement d\u00e9di\u00e9 \u00e0 la lib\u00e9ration \u00e9motionnelle, au travers d'ateliers cr\u00e9atifs de 2h, soigneusement encadr\u00e9s par une psychologue et une artiste certifi\u00e9e en art-th\u00e9rapie, Lucie et Ad\u00e9la\u00efde.\",\"breadcrumb\":{\"@id\":\"https:\/\/dynamixia.fr\/index.php\/juste-apres-centre-de-liberation-emotionnelle\/#breadcrumb\"},\"inLanguage\":\"fr-FR\",\"potentialAction\":[{\"@type\":\"ReadAction\",\"target\":[\"https:\/\/dynamixia.fr\/index.php\/juste-apres-centre-de-liberation-emotionnelle\/\"]}]},{\"@type\":\"ImageObject\",\"inLanguage\":\"fr-FR\",\"@id\":\"https:\/\/dynamixia.fr\/index.php\/juste-apres-centre-de-liberation-emotionnelle\/#primaryimage\",\"url\":\"https:\/\/dynamixia.fr\/wp-content\/uploads\/2022\/03\/juste-apres-Logo-Affiche-format-paysage-Couverture-Facebook.png\",\"contentUrl\":\"https:\/\/dynamixia.fr\/wp-content\/uploads\/2022\/03\/juste-apres-Logo-Affiche-format-paysage-Couverture-Facebook.png\",\"width\":1640,\"height\":924},{\"@type\":\"BreadcrumbList\",\"@id\":\"https:\/\/dynamixia.fr\/index.php\/juste-apres-centre-de-liberation-emotionnelle\/#breadcrumb\",\"itemListElement\":[{\"@type\":\"ListItem\",\"position\":1,\"name\":\"Accueil\",\"item\":\"https:\/\/dynamixia.fr\/\"},{\"@type\":\"ListItem\",\"position\":2,\"name\":\"Juste Apr\u00e8s\u00a9\ufe0f &#8211; Centre de Lib\u00e9ration \u00e9motionnelle\"}]},{\"@type\":\"WebSite\",\"@id\":\"https:\/\/dynamixia.fr\/#website\",\"url\":\"https:\/\/dynamixia.fr\/\",\"name\":\"Psychologie du travail - Lucie Ducap\",\"description\":\"Cabinet de psychologie du travail - Meilleure Psychologue \u00e0 Saint-Denis R\u00e9union 97400\",\"potentialAction\":[{\"@type\":\"SearchAction\",\"target\":{\"@type\":\"EntryPoint\",\"urlTemplate\":\"https:\/\/dynamixia.fr\/?s={search_term_string}\"},\"query-input\":{\"@type\":\"PropertyValueSpecification\",\"valueRequired\":true,\"valueName\":\"search_term_string\"}}],\"inLanguage\":\"fr-FR\"}]}<\/script>\n<!-- \/ Yoast SEO plugin. -->","yoast_head_json":{"title":"Juste Apr\u00e8s\u00a9\ufe0f - Centre de Lib\u00e9ration \u00e9motionnelle - Lucie Ducap Psychologue","description":"\"Juste Apr\u00e8s\" est un espace enti\u00e8rement d\u00e9di\u00e9 \u00e0 la lib\u00e9ration \u00e9motionnelle, au travers d'ateliers cr\u00e9atifs de 2h, soigneusement encadr\u00e9s par une psychologue et une artiste certifi\u00e9e en art-th\u00e9rapie, Lucie et Ad\u00e9la\u00efde.","robots":{"index":"index","follow":"follow","max-snippet":"max-snippet:-1","max-image-preview":"max-image-preview:large","max-video-preview":"max-video-preview:-1"},"canonical":"https:\/\/dynamixia.fr\/index.php\/juste-apres-centre-de-liberation-emotionnelle\/","og_locale":"fr_FR","og_type":"article","og_title":"Juste Apr\u00e8s\u00a9\ufe0f - Centre de Lib\u00e9ration \u00e9motionnelle - Lucie Ducap Psychologue","og_description":"\"Juste Apr\u00e8s\" est un espace enti\u00e8rement d\u00e9di\u00e9 \u00e0 la lib\u00e9ration \u00e9motionnelle, au travers d'ateliers cr\u00e9atifs de 2h, soigneusement encadr\u00e9s par une psychologue et une artiste certifi\u00e9e en art-th\u00e9rapie, Lucie et Ad\u00e9la\u00efde.","og_url":"https:\/\/dynamixia.fr\/index.php\/juste-apres-centre-de-liberation-emotionnelle\/","og_site_name":"Lucie Ducap Psychologue","article_publisher":"https:\/\/www.facebook.com\/monatelierpsy\/","article_modified_time":"2023-03-06T10:42:24+00:00","og_image":[{"url":"https:\/\/dynamixia.fr\/wp-content\/uploads\/2022\/03\/juste-apres-Logo-Affiche-format-paysage-Couverture-Facebook.png","type":"","width":"","height":""}],"twitter_card":"summary_large_image","twitter_misc":{"Dur\u00e9e de lecture estim\u00e9e":"4 minutes"},"schema":{"@context":"https:\/\/schema.org","@graph":[{"@type":"WebPage","@id":"https:\/\/dynamixia.fr\/index.php\/juste-apres-centre-de-liberation-emotionnelle\/","url":"https:\/\/dynamixia.fr\/index.php\/juste-apres-centre-de-liberation-emotionnelle\/","name":"Juste Apr\u00e8s\u00a9\ufe0f - Centre de Lib\u00e9ration \u00e9motionnelle - Lucie Ducap Psychologue","isPartOf":{"@id":"https:\/\/dynamixia.fr\/#website"},"primaryImageOfPage":{"@id":"https:\/\/dynamixia.fr\/index.php\/juste-apres-centre-de-liberation-emotionnelle\/#primaryimage"},"image":{"@id":"https:\/\/dynamixia.fr\/index.php\/juste-apres-centre-de-liberation-emotionnelle\/#primaryimage"},"thumbnailUrl":"https:\/\/dynamixia.fr\/wp-content\/uploads\/2022\/03\/juste-apres-Logo-Affiche-format-paysage-Couverture-Facebook.png","datePublished":"2022-03-08T18:55:10+00:00","dateModified":"2023-03-06T10:42:24+00:00","description":"\"Juste Apr\u00e8s\" est un espace enti\u00e8rement d\u00e9di\u00e9 \u00e0 la lib\u00e9ration \u00e9motionnelle, au travers d'ateliers cr\u00e9atifs de 2h, soigneusement encadr\u00e9s par une psychologue et une artiste certifi\u00e9e en art-th\u00e9rapie, Lucie et Ad\u00e9la\u00efde.","breadcrumb":{"@id":"https:\/\/dynamixia.fr\/index.php\/juste-apres-centre-de-liberation-emotionnelle\/#breadcrumb"},"inLanguage":"fr-FR","potentialAction":[{"@type":"ReadAction","target":["https:\/\/dynamixia.fr\/index.php\/juste-apres-centre-de-liberation-emotionnelle\/"]}]},{"@type":"ImageObject","inLanguage":"fr-FR","@id":"https:\/\/dynamixia.fr\/index.php\/juste-apres-centre-de-liberation-emotionnelle\/#primaryimage","url":"https:\/\/dynamixia.fr\/wp-content\/uploads\/2022\/03\/juste-apres-Logo-Affiche-format-paysage-Couverture-Facebook.png","contentUrl":"https:\/\/dynamixia.fr\/wp-content\/uploads\/2022\/03\/juste-apres-Logo-Affiche-format-paysage-Couverture-Facebook.png","width":1640,"height":924},{"@type":"BreadcrumbList","@id":"https:\/\/dynamixia.fr\/index.php\/juste-apres-centre-de-liberation-emotionnelle\/#breadcrumb","itemListElement":[{"@type":"ListItem","position":1,"name":"Accueil","item":"https:\/\/dynamixia.fr\/"},{"@type":"ListItem","position":2,"name":"Juste Apr\u00e8s\u00a9\ufe0f &#8211; Centre de Lib\u00e9ration \u00e9motionnelle"}]},{"@type":"WebSite","@id":"https:\/\/dynamixia.fr\/#website","url":"https:\/\/dynamixia.fr\/","name":"Psychologie du travail - Lucie Ducap","description":"Cabinet de psychologie du travail - Meilleure Psychologue \u00e0 Saint-Denis R\u00e9union 97400","potentialAction":[{"@type":"SearchAction","target":{"@type":"EntryPoint","urlTemplate":"https:\/\/dynamixia.fr\/?s={search_term_string}"},"query-input":{"@type":"PropertyValueSpecification","valueRequired":true,"valueName":"search_term_string"}}],"inLanguage":"fr-FR"}]}},"acf":[],"_links":{"self":[{"href":"https:\/\/dynamixia.fr\/index.php\/wp-json\/wp\/v2\/pages\/1040","targetHints":{"allow":["GET"]}}],"collection":[{"href":"https:\/\/dynamixia.fr\/index.php\/wp-json\/wp\/v2\/pages"}],"about":[{"href":"https:\/\/dynamixia.fr\/index.php\/wp-json\/wp\/v2\/types\/page"}],"author":[{"embeddable":true,"href":"https:\/\/dynamixia.fr\/index.php\/wp-json\/wp\/v2\/users\/1"}],"replies":[{"embeddable":true,"href":"https:\/\/dynamixia.fr\/index.php\/wp-json\/wp\/v2\/comments?post=1040"}],"version-history":[{"count":22,"href":"https:\/\/dynamixia.fr\/index.php\/wp-json\/wp\/v2\/pages\/1040\/revisions"}],"predecessor-version":[{"id":1132,"href":"https:\/\/dynamixia.fr\/index.php\/wp-json\/wp\/v2\/pages\/1040\/revisions\/1132"}],"wp:attachment":[{"href":"https:\/\/dynamixia.fr\/index.php\/wp-json\/wp\/v2\/media?parent=1040"}],"curies":[{"name":"wp","href":"https:\/\/api.w.org\/{rel}","templated":true}]}}